{"id":4126,"date":"2021-04-06T07:15:20","date_gmt":"2021-04-06T05:15:20","guid":{"rendered":"https:\/\/www.knap.hr\/centar\/?page_id=4126"},"modified":"2026-04-13T11:46:05","modified_gmt":"2026-04-13T09:46:05","slug":"o-galeriji","status":"publish","type":"page","link":"https:\/\/www.knap.hr\/centar\/o-galeriji\/","title":{"rendered":"O galeriji"},"content":{"rendered":"[vc_row type=&#8221;full_width_content&#8221; full_screen_row_position=&#8221;middle&#8221; column_margin=&#8221;default&#8221; column_direction=&#8221;default&#8221; column_direction_tablet=&#8221;default&#8221; column_direction_phone=&#8221;default&#8221; scene_position=&#8221;center&#8221; text_color=&#8221;dark&#8221; text_align=&#8221;left&#8221; row_border_radius=&#8221;none&#8221; row_border_radius_applies=&#8221;bg&#8221; overflow=&#8221;visible&#8221; overlay_strength=&#8221;0.3&#8243; gradient_direction=&#8221;left_to_right&#8221; shape_divider_position=&#8221;bottom&#8221; bg_image_animation=&#8221;none&#8221; shape_type=&#8221;&#8221;][vc_column column_padding=&#8221;no-extra-padding&#8221; column_padding_tablet=&#8221;inherit&#8221; column_padding_phone=&#8221;inherit&#8221; column_padding_position=&#8221;all&#8221; column_element_direction_desktop=&#8221;default&#8221; column_element_spacing=&#8221;default&#8221; desktop_text_alignment=&#8221;default&#8221; tablet_text_alignment=&#8221;default&#8221; phone_text_alignment=&#8221;default&#8221; background_color_opacity=&#8221;1&#8243; background_hover_color_opacity=&#8221;1&#8243; background_image=&#8221;6002&#8243; background_image_position=&#8221;center center&#8221; background_image_stacking=&#8221;default&#8221; background_image_loading=&#8221;default&#8221; column_backdrop_filter=&#8221;none&#8221; column_shadow=&#8221;none&#8221; column_border_radius=&#8221;none&#8221; column_link_target=&#8221;_self&#8221; column_position=&#8221;default&#8221; gradient_direction=&#8221;left_to_right&#8221; overlay_strength=&#8221;0.3&#8243; width=&#8221;1\/2&#8243; tablet_width_inherit=&#8221;default&#8221; animation_type=&#8221;default&#8221; bg_image_animation=&#8221;none&#8221; border_type=&#8221;simple&#8221; column_border_width=&#8221;none&#8221; column_border_style=&#8221;solid&#8221;][divider line_type=&#8221;No Line&#8221; custom_height=&#8221;400&#8243;][\/vc_column][vc_column column_padding=&#8221;padding-8-percent&#8221; column_padding_tablet=&#8221;inherit&#8221; column_padding_phone=&#8221;inherit&#8221; column_padding_position=&#8221;all&#8221; column_element_direction_desktop=&#8221;default&#8221; column_element_spacing=&#8221;default&#8221; desktop_text_alignment=&#8221;default&#8221; tablet_text_alignment=&#8221;default&#8221; phone_text_alignment=&#8221;default&#8221; background_color=&#8221;#ffffff&#8221; background_color_opacity=&#8221;1&#8243; background_hover_color_opacity=&#8221;1&#8243; column_backdrop_filter=&#8221;none&#8221; column_shadow=&#8221;none&#8221; column_border_radius=&#8221;none&#8221; column_link_target=&#8221;_self&#8221; column_position=&#8221;default&#8221; gradient_direction=&#8221;left_to_right&#8221; overlay_strength=&#8221;0.3&#8243; width=&#8221;1\/2&#8243; tablet_width_inherit=&#8221;default&#8221; animation_type=&#8221;default&#8221; bg_image_animation=&#8221;none&#8221; border_type=&#8221;simple&#8221; column_border_width=&#8221;none&#8221; column_border_style=&#8221;solid&#8221;][image_with_animation image_url=&#8221;4161&#8243; image_size=&#8221;full&#8221; animation_type=&#8221;entrance&#8221; animation=&#8221;Fade In&#8221; animation_easing=&#8221;default&#8221; animation_movement_type=&#8221;transform_y&#8221; hover_animation=&#8221;none&#8221; alignment=&#8221;&#8221; border_radius=&#8221;none&#8221; box_shadow=&#8221;none&#8221; image_loading=&#8221;default&#8221; max_width=&#8221;100%&#8221; max_width_mobile=&#8221;default&#8221;][divider line_type=&#8221;No Line&#8221; custom_height=&#8221;40&#8243;][vc_custom_heading text=&#8221;O Galeriji Doga\u0111anja&#8221; font_container=&#8221;tag:h2|font_size:42|text_align:left|line_height:52px&#8221; use_theme_fonts=&#8221;yes&#8221;][vc_column_text css=&#8221;.vc_custom_1617686935870{margin-top: 30px !important;margin-bottom: 30px !important;}&#8221;]GALERIJA DOGA\u0110ANJA Centra kulture na Pe\u0161\u010denici osnovana je po\u010detkom 1980-ih godina. Svoj vrtoglavi uspon do\u017eivjela je u razdoblju kada su u njoj izlagali eminentni umjetnici poput: Ko\u017eari\u0107a, Stilinovi\u0107a, Delimar, Kumbatovi\u0107, Glihe, Artukovi\u0107a i mnogih drugih koji su u to vrijeme bili pokreta\u010di novih formi izra\u017eavanja na suvremenoj likovnoj sceni.[\/vc_column_text][vc_column_text css=&#8221;.vc_custom_1617686939926{margin-bottom: 30px !important;}&#8221;]Njihov je doprinos hrvatskoj kulturi danas dobro poznat i dragocjen.[\/vc_column_text][nectar_cta btn_style=&#8221;see-through&#8221; heading_tag=&#8221;h5&#8243; button_color=&#8221;default&#8221; text_color=&#8221;#ed242a&#8221; button_border_thickness=&#8221;0px&#8221; link_type=&#8221;regular&#8221; alignment=&#8221;left&#8221; alignment_tablet=&#8221;default&#8221; alignment_phone=&#8221;default&#8221; display=&#8221;block&#8221; display_tablet=&#8221;inherit&#8221; display_phone=&#8221;inherit&#8221; link_text=&#8221;Vi\u0161e&#8221; url=&#8221;#vise-o-galeriji&#8221;][\/vc_column][\/vc_row][vc_row type=&#8221;full_width_background&#8221; full_screen_row_position=&#8221;middle&#8221; column_margin=&#8221;default&#8221; column_direction=&#8221;default&#8221; column_direction_tablet=&#8221;default&#8221; column_direction_phone=&#8221;default&#8221; scene_position=&#8221;center&#8221; top_padding=&#8221;4%&#8221; bottom_padding=&#8221;4%&#8221; text_color=&#8221;dark&#8221; text_align=&#8221;left&#8221; row_border_radius=&#8221;none&#8221; row_border_radius_applies=&#8221;bg&#8221; overflow=&#8221;visible&#8221; id=&#8221;vise-o-galeriji&#8221; overlay_strength=&#8221;0.3&#8243; gradient_direction=&#8221;left_to_right&#8221; shape_divider_position=&#8221;bottom&#8221; bg_image_animation=&#8221;none&#8221; shape_type=&#8221;&#8221;][vc_column column_padding=&#8221;padding-2-percent&#8221; column_padding_tablet=&#8221;inherit&#8221; column_padding_phone=&#8221;inherit&#8221; column_padding_position=&#8221;all&#8221; column_element_direction_desktop=&#8221;default&#8221; column_element_spacing=&#8221;default&#8221; desktop_text_alignment=&#8221;default&#8221; tablet_text_alignment=&#8221;default&#8221; phone_text_alignment=&#8221;default&#8221; background_color_opacity=&#8221;1&#8243; background_hover_color_opacity=&#8221;1&#8243; column_backdrop_filter=&#8221;none&#8221; column_shadow=&#8221;none&#8221; column_border_radius=&#8221;none&#8221; column_link_target=&#8221;_self&#8221; column_position=&#8221;default&#8221; gradient_direction=&#8221;left_to_right&#8221; overlay_strength=&#8221;0.3&#8243; width=&#8221;1\/1&#8243; tablet_width_inherit=&#8221;default&#8221; animation_type=&#8221;default&#8221; bg_image_animation=&#8221;none&#8221; border_type=&#8221;simple&#8221; column_border_width=&#8221;none&#8221; column_border_style=&#8221;solid&#8221;][toggles style=&#8221;minimal&#8221; accordion=&#8221;true&#8221; accordion_starting_functionality=&#8221;closed&#8221;][toggle color=&#8221;Default&#8221; heading_tag=&#8221;default&#8221; heading_tag_functionality=&#8221;default&#8221; title=&#8221;Poziv za izlaganje u Galeriji Doga\u0111anja u 2026.&#8221;][vc_column_text]<strong>Galerija Doga\u0111anja<\/strong> objavljuje <strong>Javni poziv za prijavu izlo\u017ebenih projekata<\/strong> za programski kalendar izlo\u017ebi u 2026. godini.<\/p>\n<p><strong>1. Pravo prijave<\/strong><\/p>\n<p>Na javni poziv mogu se prijaviti:<\/p>\n<ul>\n<li>profesionalne umjetnice i umjetnici<\/li>\n<li>autorice i autori iz podru\u010dja vizualne i multimedijalne umjetnosti<\/li>\n<li>umjetni\u010dke grupe, kolektivi, kustosi i kustosice<\/li>\n<li>ustanove, udruge i umjetni\u010dke organizacije koje djeluju u podru\u010dju suvremene umjetnosti<\/li>\n<\/ul>\n<p><strong>2. Cilj poziva<\/strong><\/p>\n<p>Cilj ovog javnog poziva je poticanje i realiziranje raznovrsnog, relevantnog i kriti\u010dki promi\u0161ljenog, izlo\u017ebenog programa za 2026. godinu. Galerija Doga\u0111anja te\u017ei razvijanju dinami\u010dne platforme za suvremene umjetni\u010dke prakse koje reflektiraju kompleksnosti dana\u0161njeg dru\u0161tva, otvaraju prostor za dijalog, intermedijalnost i eksperiment te uklju\u010duju nove umjetni\u010dke modele, suradnje i interdisciplinarne pristupe. Poziv je usmjeren na projekte koji doprinose bogatoj i razvedenoj kulturnoj ponudi, afirmiraju autore razli\u010ditih generacija, pristupa i identiteta te grade veze izme\u0111u lokalne i me\u0111unarodne umjetni\u010dke scene. Prijaviteljice i prijavitelje poti\u010demo da programe promi\u0161ljaju kroz aktualna pitanja, otvaraju prostor za publiku i zajednicu te nude inovativne kustoske koncepte i formate. 2026. godina ujedno je 45. godina postojanja Galerije Doga\u0111anja, radi \u010dega istu obilje\u017eavamo dodatnim aktivnostima, za koje tako\u0111er prihva\u0107amo prijedloge.<\/p>\n<p><strong>3. Uvjeti prijave izlo\u017ebenog programa <\/strong><\/p>\n<p>Prijava mora obavezno sadr\u017eavati:<\/p>\n<ul>\n<li>umjetni\u010dki koncept\/projektni prijedlog (maks. 2 kartice teksta)<\/li>\n<li>profesionalni \u017eivotopis autorice\/autora<\/li>\n<li>vizualnu dokumentaciju (do 10 fotografija\/skica\/radova)<\/li>\n<li>tehni\u010dki opis i prostorne zahtjeve izlo\u017ebe\/u slu\u010daju novih produkcija nacrt ili opisnu skicu prijedloga<\/li>\n<li>ukoliko se isti rad predla\u017ee za izlaganje u vi\u0161e galerija na podru\u010dju Grada Zagreba, navesti gdje je prijedlog prijavljen i u kojem terminu<\/li>\n<\/ul>\n<p><strong>4. Uvjeti prijave ostalih aktivnosti <\/strong><\/p>\n<ul>\n<li>vrsta popratnog programa [predavanja, radionice, razgovori, publikacije, javni razgovori s umjetnicima i kustosima, umjetni\u010dke ili edukativne radionice, panel diskusije ili \u010ditanja, performansi, prostorne intervencije i zvu\u010dne akcije, projekcije, \u010ditanja i druge forme participativnih doga\u0111anja, suradnje s lokalnim zajednicama, \u0161kolama, udrugama i nezavisnim inicijativama]<\/li>\n<li>opis i sadr\u017eaj programa, s jasno nazna\u010denim ciljevima, oblikom i o\u010dekivanim u\u010dinkom<\/li>\n<li>naznaka ciljane publike i na\u010dina promocije\/sudjelovanja (otvoreno, prijava, uzrast i sl.)<\/li>\n<li>potrebna tehni\u010dka i logisti\u010dka podr\u0161ka (oprema, prostor, osoblje)<\/li>\n<li>biografije suradnika ili vanjskih suradnika, dosada\u0161nje iskustvo u sli\u010dnim programskim aktivnostima<\/li>\n<\/ul>\n<p><strong>4. Rok za prijavu<\/strong><\/p>\n<p>Prijedloge dostaviti na <a href=\"mailto:galerija@knap.hr\">galerija@knap.hr<\/a> do 23.6.2025. u 23:59h s naznakom \u2013 izlo\u017ebeni program 2026.<\/p>\n<p>Za dodatne informacije mo\u017eete nas kontaktirati putem e-maila <a href=\"mailto:galerija@knap.hr\">galerija@knap.hr<\/a> ili direktno na e-mail voditeljice programa Galerije Doga\u0111anja: <a href=\"mailto:ana.muscet@knap.hr\">ana.muscet@knap.hr<\/a><\/p>\n<p><strong>5. Selekcija i rezultati<\/strong><\/p>\n<p>Stru\u010dno vije\u0107e Galerije Doga\u0111anja u sastavu: Predrag Pavi\u0107, Lala Ra\u0161\u010di\u0107 i Ana Mu\u0161\u0107et, razmatrat \u0107e sve pravovremene i potpune prijave. Rezultati javnog poziva bit \u0107e objavljeni na web stranici i dru\u0161tvenim mre\u017eama Galerije Doga\u0111anja tijekom srpnja 2025. Odabrane autorice i autori bit \u0107e pravodobno obavije\u0161teni o uvr\u0161tenosti u izlo\u017ebeni program 2026. godine.<\/p>\n<p><strong>6. Napomene<\/strong><\/p>\n<ul>\n<li>osigurani osnovni tehni\u010dki uvjeti, pomo\u0107 pri postavu izlo\u017ebe, kao i oprema Galerije Doga\u0111anja<\/li>\n<li>produkcijski tro\u0161kovi i honorari podlo\u017eni su mogu\u0107nostima financiranja i sufinanciranja putem apliciranja na raspisane pozive za javno financiranje Grada Zagreba i Ministarstva kulture i medija Republike Hrvatske<\/li>\n<li>prijavom na ovaj poziv podnositelji daju suglasnost za obradu osobnih podataka u svrhu provedbe poziva<\/li>\n<li>prijavom na ovaj poziv podnositelji potvr\u0111uju, kako \u0107e u slu\u010daju odabira prijedloga, isti prezentirati u Galeriji Doga\u0111anja, tijekom 2026. godine [vrijedi isklju\u010divo za Grad Zagreb, a podrazumijeva i izlo\u017ebene programe i ostale aktivnosti]<\/li>\n<li>izjavu o suglasnosti s uvjetima javnog poziva.<\/li>\n<li>vi\u0161e o Galeriji, tlocrt prostora: <a href=\"https:\/\/www.knap.hr\/centar\/o-galeriji\/\">https:\/\/www.knap.hr\/centar\/o-galeriji\/<\/a><\/li>\n<\/ul>\n[\/vc_column_text][\/toggle][toggle color=&#8221;Default&#8221; heading_tag=&#8221;default&#8221; heading_tag_functionality=&#8221;default&#8221; title=&#8221;Vi\u0161e o galeriji Doga\u0111anja&#8221;][vc_column_text]Galerija je osim izlo\u017ebi bila pokreta\u010d raznih akcija poput \u00abUrbane kozmetike\u00bb, \u00abDjelovanja u prostoru\u00bb i \u00abRadnici o radni\u010dkom stvarala\u0161tvu\u00bb iz 1984. g. i mnogih likovnih intervencija u javnim prostorima. Pokreta\u010d je inicijative postavljanja javnih skulptura na podru\u010dju Pe\u0161\u010denice (\u00abMali princ\u00bb i \u00abTrodimenzionalni strip\u00bb Nade Orel, \u00abMladenci\u00bb Ivana Lesjaka, \u00abRuka\u00bb Milene Lah, \u00abKrilo materino\u00bb Mile Kumbatovi\u0107 \u2026.. Galerija je ostvarila suradnje s tvornicama Chromos, Dukat, Unija, Autokozmetika idr. te uklju\u010dila umjetnike u te suradnje iz kojih su nastala mnoga dragocjena likovna rje\u0161enja. Galerija Doga\u0111anja se bavila i socio-kulturolo\u0161kim istra\u017eiva\u010dkim radom.<\/p>\n<p>Kroz taj bogat period galeriju su vodile Branka Hlevnjak i Vedrana Kr\u0161ini\u0107. Galerija Doga\u0111anja, svojim sa aktivnostima utvrdila kao va\u017ean punkt likovnih zbivanja tog vremena te stekla kultni status.<\/p>\n<p>Tijekom 1990-tih godina njen rad se, na\u017ealost, gotovo ugasio.<\/p>\n<p>2009. godine zapo\u010deta je programska reforma Galerije Doga\u0111anja te se kontinuiranim izlo\u017ebama galerija vra\u010da svojim po\u010decima, kada je bila centar suvremenih likovnih zbivanja.<\/p>\n<p>Od 2011. uvr\u0161tena je na popis priznatih izlaga\u010dkih prostora HZSU-a.<\/p>\n<p>Galerija je danas mjesto koje okuplja autore mla\u0111e i srednje generacije, koji svojim radom i idejama pripadaju suvremenom likovnom stvarala\u0161tvu.<\/p>\n<p>2021. godine Galerija Doga\u0111anja bilje\u017ei 40. obljetnicu svog djelovanja.[\/vc_column_text][\/toggle][toggle color=&#8221;Default&#8221; heading_tag=&#8221;default&#8221; heading_tag_functionality=&#8221;default&#8221; title=&#8221;40 godina Galerije Doga\u0111anja&#8221;][vc_column_text]Zagreba\u010dka Galerija Doga\u0111anja 2021. godine bilje\u017ei 40 godina rada.<\/p>\n<p>Osnovana je po\u010detkom 1980-ih godina, te je od svojih po\u010detaka bila vezana uz aktualnu scenu i vrijeme, bila je svojevrsni pokreta\u010d novih ideja.<\/p>\n<p>Tih ranih osamdesetih godina postala je jedan od najvibrantnijih i najposje\u0107ivanijih galerijskih prostora u gradu.<\/p>\n<p>Galerija je osim izlo\u017ebi pokrenula razna istra\u017eivanja, akcija i doga\u0111anja, ostvarila suradnje s radnim organizacijama a sve s ciljem pribli\u017eavanja kulture i suvremene umjetnosti obi\u010dnim gra\u0111anima i radnicima.<\/p>\n<p>Galerija Doga\u0111anja danas je mjesto koje okuplja autore mla\u0111e i srednje generacije, koji svojim radom i idejama pripadaju suvremenom likovnom stvarala\u0161tvu.<\/p>\n<p>Programom izlo\u017ebi u 2021. obilje\u017eiti \u0107emo 40 godina rada i pokazati suvremeno lice i duh galerije danas.<\/p>\n<p>Kulturpunkt objavio je razgovor s voditeljicom galerije povodom 35 godina rada Galerije Doga\u0111anja. Cijeli tekst mo\u017eete pro\u010ditati na <a href=\"https:\/\/www.kulturpunkt.hr\/content\/jedan-moguci-pogled\" target=\"_blank\" rel=\"noopener\">linku<\/a>.[\/vc_column_text][\/toggle][toggle color=&#8221;Default&#8221; heading_tag=&#8221;default&#8221; heading_tag_functionality=&#8221;default&#8221; title=&#8221;O Povijesti Galerije&#8221;][vc_column_text]\u201eGalerija Doga\u0111anja\u201c Centra kulture na Pe\u0161\u010denici osnovana je po\u010detkom 1980-ih godina. Svoj vrtoglavi uspon do\u017eivjela je u razdoblju kada su u njoj izlagali eminentni umjetnici kao: Ko\u017eari\u0107, Stilinovi\u0107, Delimar, Kumbatovi\u0107, Gliha i mnogi, mnogi drugi koji su u to vrijeme bili pokreta\u010di novih formi izra\u017eavanja na suvremenoj likovnoj sceni. Njihov je doprinos hrvatskoj kulturi danas dobro poznat i dragocjen.<\/p>\n<p>Galerija je osim izlo\u017ebi bila pokreta\u010d raznih akcija poput \u00abUrbane kozmetike\u00bb, \u00abDjelovanja u prostoru\u00bb i \u00abRadnici o radni\u010dkom stvarala\u0161tvu\u00bb iz 1984. g., mnogih likovnih intervencija u javnim prostorima. Pokreta\u010d je inicijative postavljanja javnih skulptura na podru\u010dju Pe\u0161\u010denice (\u00abMali princ\u00bb i \u00abTrodimenzionalni strip\u00bb Nade Orel, \u00abMladenci\u00bb Ivana Lesjaka, \u00abRuka\u00bb Milene Lah, \u00abKrilo materino\u00bb Mile Kumbatovi\u0107\u2026) Galerija je ostvarila suradnje s tvornicama Chromos, Dukat, Unija, Autokozmetika idr., te uklju\u010dila umjetnike u te suradnje iz kojih su nastala mnoga dragocjena likovna rje\u0161enja. Galerija se bavila i socio-kulturolo\u0161kim istra\u017eiva\u010dkim radom.<\/p>\n<p>Kroz taj bogat period galeriju su vodile Branka Hlevnjak i Vedrana Kr\u0161ini\u0107. \u201eGalerija Doga\u0111anja\u201c svojim sa aktivnostima utvrdila kao va\u017ean punkt likovnih zbivanja tog vremena, te stekla kultni status.<br \/>\nTijekom turbulentnog vremena devedesetih godina rad galerije se gotovo ugasio.<\/p>\n<p>2000-tih ponovo se pokre\u0107e galerijska djelatnost Centra kulture na Pe\u0161\u010denici.<\/p>\n<p>2009. godine zapo\u010deta je programska reforma \u201eGalerije Doga\u0111anja\u201c te se kontinuiranim izlo\u017ebama galerija vra\u010da svojim po\u010decima, kada je bila centar suvremenih likovnih zbivanja.<br \/>\nOd tada do danas odr\u017eano je 60 izlo\u017ebi. Neki od najzna\u010dajnijih umjetnika koji su u tom periodu izlagali su: Ana Horvat dobitnica prve nagrade T-HTnagrada@msu.hr za suvremenu umjetnost 2009 godine, Igor Kordej i Goran Sud\u017euka strip autori izuzetno cijenjeni u Francuskoj i Americi za svoj rad primili su mnoga me\u0111unarodna priznanja i nagrade, Sini\u0161a Labrovi\u0107 multimedijalni umjetnika vi\u0161estruko nagra\u0111ivan za svoj dru\u0161tveno anga\u017eirani rad, dobitnik tre\u0107e otkupne nagrade na prvom T-HTnagrada@msu.hr natje\u010daju 2007. godine te predstavnik Hrvatske na XI Biennalu u Istambulu 2009. g., Kata Mijatovi\u0107 multi medijalna umjetnica predstavnica Hrvatske na Biennalu u Veneciji 2013. g. zatim Ivan Maru\u0161i\u0107 Klif, Tomislav Brajnovi\u0107\u2026, te mnogi mladi umjetnici, vrlo aktivni sudionici likovne scene poput Martine Grli\u0107, Maje Markovi\u0107, Jasminke Kon\u010di\u0107, Lea Vukeli\u0107a, Borisa Sekuli\u0107a, Zlatka Horvat, Ivane Vuli\u0107, Ane Sladeti\u0107, Mirana \u0160abi\u0107a\u2026<\/p>\n<p>Galerija Doga\u0111anja danas je mjesto koje okuplja autore mla\u0111e i srednje generacije, koji svojim radom i idejama pripadaju suvremenom likovnom stvarala\u0161tvu.<\/p>\n<p>Osim izlo\u017ebi galerija organizira radionice u suradnji s umjetnicima ta radi na edukaciji djece i mladih kako bi stvarali i odgajali novu likovnu publiku.[\/vc_column_text][\/toggle][toggle color=&#8221;Default&#8221; heading_tag=&#8221;default&#8221; heading_tag_functionality=&#8221;default&#8221; title=&#8221;Tehni\u010dke karakteristike&#8221;][vc_column_text]<a href=\"https:\/\/www.knap.hr\/centar\/wp-content\/uploads\/2021\/03\/tlocrt_galerija.jpg\" rel=\"prettyPhoto[gallery-9xEl]\"><img loading=\"lazy\" decoding=\"async\" class=\"alignnone size-full wp-image-3751\" src=\"https:\/\/www.knap.hr\/centar\/wp-content\/uploads\/2021\/03\/tlocrt_galerija.jpg\" alt=\"\" width=\"681\" height=\"522\" srcset=\"https:\/\/www.knap.hr\/centar\/wp-content\/uploads\/2021\/03\/tlocrt_galerija.jpg 681w, https:\/\/www.knap.hr\/centar\/wp-content\/uploads\/2021\/03\/tlocrt_galerija-300x230.jpg 300w\" sizes=\"auto, (max-width: 681px) 100vw, 681px\" \/><\/a><\/p>\n<ul>\n<li>povr\u0161ina 39m\u00b2 \u2013 izlo\u017ebeni prostor 600 x 650 cm<\/li>\n<li>visina 320 cm<\/li>\n<\/ul>\n<p><strong>Rasvjeta:<\/strong><\/p>\n<ul>\n<li>spot reflektori<\/li>\n<li>\u0161iroko kutni reflektori<\/li>\n<li>+ radna rasvjeta<\/li>\n<\/ul>\n[\/vc_column_text][\/toggle][toggle color=&#8221;Default&#8221; heading_tag=&#8221;default&#8221; heading_tag_functionality=&#8221;default&#8221; title=&#8221;Izdava\u0161tvo Galerije&#8221;][vc_column_text]<strong>STREET \/ ART \/ ZAGREB<\/strong><\/p>\n<p><strong>Prva fotomonografija zagreba\u010dkih murala i grafita pod nazivom \u00abSTREET\/ART\/ZAGREB\u00bb u izdanju Centra KNAP, autorice Anje Planin\u010di\u0107, predstavljena 10. velja\u010de 2017. u dvorani Centra KNAP<\/strong><\/p>\n<p><strong>Fotomonografija STREET\/ART\/ZAGREB broji 280 strana, a predstavlja vi\u0161e od 200 radova 95 autora koji su u proteklih 15 godina ostavili trag na zagreba\u010dkim ulicama.<\/strong><\/p>\n<p><em>Rije\u010d urednice<\/em><\/p>\n<p>Uli\u010dna umjetnost dio je identiteta grada Zagreba. Ocrtava njegovo urbano lice. Lice suvremene europske metropole. Ova fotomonografija prikazat \u0107e najzanimljivije radove nastale u posljednjih desetak godina.<br \/>\nNa zagreba\u010dkim zidovima, pod mostovima, u pothodnicima i na mnogim drugim manje vidljivim mjestima nalaze se radovi koji zaslu\u017euju biti zapam\u0107eni, a mnogo puta su skriveni od o\u010diju \u0161ire javnosti.<\/p>\n<p>Osim doma\u0107ih autora, na ulicama grada Zagreba nalazi se i niz radova umjetnika iz cijeloga svijeta. Oslikani zidovi \u010dine \u017eive uli\u010dne galerije dostupne svima, galerije koje dinamikom nekih vanjskih okolnosti mijenjaju svoje postave.<\/p>\n<p>Ova \u0107e knjiga na jednak na\u010din pokazati grafiti scenu u svom klasi\u010dnom obliku kao i uli\u010dnu umjetnost autora raznih profila koji su kao medij odabrali zid i ulicu.<br \/>\nKnjiga se ne\u0107e baviti stilovima crtanja, niti strujama unutar same scene, ve\u0107 \u0107e prikazati zidove koji su svojom estetikom zaslu\u017eili biti zabilje\u017eeni, sa\u010duvani od zaborava jer svaki od ovih radova nastalih na ulici ima svoj vijek trajanja.<\/p>\n<p>Centar kulture na Pe\u0161\u010denici \u2013 Knap ve\u0107 dugi niz godina prati uli\u010dnu umjetnost grada Zagreba. Kroz razne programe senzibilizira javnost za ovu vrstu umjetnosti. Uz Centar Knap u gradu postoje mnoge inicijative (koje \u0107e spomenuti u daljnjem tekstu Patricia Ki\u0161) koje na sli\u010dan na\u010din rade na popularizaciji uli\u010dne umjetnosti.<br \/>\nGrad Zagreb prepoznao je vrijednost uli\u010dne umjetnosti te kontinuirano podr\u017eava razne akcije i inicijative koje promi\u010du ovaj urbani stil likovnog stvarala\u0161tva.<\/p>\n<p>Pri\u010da o grafitima, ove fotomonografije, kre\u0107e s Pe\u0161\u010denice no poku\u0161at \u0107e zaokru\u017eiti i prezentirati cijelu zagreba\u010dku scenu.<\/p>\n<p>Tako \u0107e ova fotomonografije biti svojevrsni album izabranih djela uli\u010dne umjetnosti grada Zagreba s po\u010detka milenija.[\/vc_column_text][\/toggle][toggle color=&#8221;Default&#8221; heading_tag=&#8221;default&#8221; heading_tag_functionality=&#8221;default&#8221; title=&#8221;Kontakt&#8221;][vc_column_text]<strong>Galerija Doga\u0111anja<\/strong><\/p>\n<p>Centar kulture na Pe\u0161\u010denici<br \/>\nIvani\u0107gradska 41a, Zagreb<\/p>\n<p>Radno vrijeme galerije:<br \/>\nponedjeljak &#8211; petak 10 do 21h<br \/>\nsubota 10 do 13h<\/p>\n<p style=\"font-weight: 400;\">Voditeljica galerije: Ana Mu\u0161\u0107et<\/p>\n<p style=\"font-weight: 400;\">E-mail:\u00a0<a href=\"mailto:galerija@knap.hr\">galerija@knap.hr<\/a><\/p>\n<p style=\"font-weight: 400;\">Tel: 01 23 03 122<br \/>\nFax: 01 23 17354<\/p>\n[\/vc_column_text][\/toggle][toggle color=&#8221;Default&#8221; heading_tag=&#8221;default&#8221; heading_tag_functionality=&#8221;default&#8221; title=&#8221;Sve izlo\u017ebe i arhiva&#8221;][nectar_btn size=&#8221;large&#8221; button_style=&#8221;see-through&#8221; button_color_2=&#8221;extra-color-gradient-1&#8243; icon_family=&#8221;default_arrow&#8221; url=&#8221;https:\/\/www.knap.hr\/centar\/category\/izlozbe\/&#8221; text=&#8221;Pogledajte ovdje&#8221; margin_top=&#8221;15&#8243;][\/toggle][\/toggles][\/vc_column][\/vc_row][vc_row type=&#8221;in_container&#8221; full_screen_row_position=&#8221;middle&#8221; column_margin=&#8221;default&#8221; column_direction=&#8221;default&#8221; column_direction_tablet=&#8221;default&#8221; column_direction_phone=&#8221;default&#8221; scene_position=&#8221;center&#8221; text_color=&#8221;dark&#8221; text_align=&#8221;center&#8221; row_border_radius=&#8221;none&#8221; row_border_radius_applies=&#8221;bg&#8221; overflow=&#8221;visible&#8221; overlay_strength=&#8221;0.3&#8243; gradient_direction=&#8221;left_to_right&#8221; shape_divider_position=&#8221;bottom&#8221; bg_image_animation=&#8221;none&#8221; shape_type=&#8221;&#8221;][vc_column column_padding=&#8221;no-extra-padding&#8221; column_padding_tablet=&#8221;inherit&#8221; column_padding_phone=&#8221;inherit&#8221; column_padding_position=&#8221;all&#8221; column_element_direction_desktop=&#8221;default&#8221; column_element_spacing=&#8221;default&#8221; desktop_text_alignment=&#8221;default&#8221; tablet_text_alignment=&#8221;default&#8221; phone_text_alignment=&#8221;default&#8221; background_color_opacity=&#8221;1&#8243; background_hover_color_opacity=&#8221;1&#8243; column_backdrop_filter=&#8221;none&#8221; column_shadow=&#8221;none&#8221; column_border_radius=&#8221;none&#8221; column_link_target=&#8221;_self&#8221; column_position=&#8221;default&#8221; gradient_direction=&#8221;left_to_right&#8221; overlay_strength=&#8221;0.3&#8243; width=&#8221;1\/1&#8243; tablet_width_inherit=&#8221;default&#8221; animation_type=&#8221;default&#8221; bg_image_animation=&#8221;none&#8221; border_type=&#8221;simple&#8221; column_border_width=&#8221;none&#8221; column_border_style=&#8221;solid&#8221;][vc_video link=&#8221;https:\/\/www.youtube.com\/watch?v=akl4HIHXeR8&#8243;][\/vc_column][\/vc_row]\n","protected":false},"excerpt":{"rendered":"<p>[vc_row type=&#8221;full_width_content&#8221; full_screen_row_position=&#8221;middle&#8221; column_margin=&#8221;default&#8221; column_direction=&#8221;default&#8221; column_direction_tablet=&#8221;default&#8221; column_direction_phone=&#8221;default&#8221; scene_position=&#8221;center&#8221; text_color=&#8221;dark&#8221; text_align=&#8221;left&#8221; row_border_radius=&#8221;none&#8221; row_border_radius_applies=&#8221;bg&#8221; overflow=&#8221;visible&#8221; overlay_strength=&#8221;0.3&#8243; gradient_direction=&#8221;left_to_right&#8221;&#8230;<\/p>\n","protected":false},"author":1,"featured_media":0,"parent":0,"menu_order":2,"comment_status":"closed","ping_status":"closed","template":"","meta":{"footnotes":""},"class_list":["post-4126","page","type-page","status-publish"],"_links":{"self":[{"href":"https:\/\/www.knap.hr\/centar\/wp-json\/wp\/v2\/pages\/4126","targetHints":{"allow":["GET"]}}],"collection":[{"href":"https:\/\/www.knap.hr\/centar\/wp-json\/wp\/v2\/pages"}],"about":[{"href":"https:\/\/www.knap.hr\/centar\/wp-json\/wp\/v2\/types\/page"}],"author":[{"embeddable":true,"href":"https:\/\/www.knap.hr\/centar\/wp-json\/wp\/v2\/users\/1"}],"replies":[{"embeddable":true,"href":"https:\/\/www.knap.hr\/centar\/wp-json\/wp\/v2\/comments?post=4126"}],"version-history":[{"count":34,"href":"https:\/\/www.knap.hr\/centar\/wp-json\/wp\/v2\/pages\/4126\/revisions"}],"predecessor-version":[{"id":13979,"href":"https:\/\/www.knap.hr\/centar\/wp-json\/wp\/v2\/pages\/4126\/revisions\/13979"}],"wp:attachment":[{"href":"https:\/\/www.knap.hr\/centar\/wp-json\/wp\/v2\/media?parent=4126"}],"curies":[{"name":"wp","href":"https:\/\/api.w.org\/{rel}","templated":true}]}}